{"id":99,"date":"2018-08-10T20:22:38","date_gmt":"2018-08-10T20:22:38","guid":{"rendered":"https:\/\/eljardindelconvento.com\/2018\/?page_id=99"},"modified":"2026-01-12T10:17:39","modified_gmt":"2026-01-12T10:17:39","slug":"habitaciones","status":"publish","type":"page","link":"https:\/\/eljardindelconvento.com\/2018\/habitaciones\/","title":{"rendered":"Habitaciones"},"content":{"rendered":"<div id=\"pl-99\"  class=\"panel-layout\" ><div id=\"pg-99-0\"  class=\"panel-grid panel-no-style\" ><div id=\"pgc-99-0-0\"  class=\"panel-grid-cell\" ><div id=\"panel-99-0-0-0\" class=\"so-panel widget widget_sow-editor panel-first-child panel-last-child\" data-index=\"0\" ><div\n\t\t\t\n\t\t\tclass=\"so-widget-sow-editor so-widget-sow-editor-base\"\n\t\t\t\n\t\t>\n<div class=\"siteorigin-widget-tinymce textwidget\">\n\t<p><strong>\n<!-- MISTERPLAN PLUGIN 1.1.44-->\n<!-- MISTERPLAN PLUGIN MOTOR TIPO 1 ID ELEMENTO 579232 DESTINO 1 PV 7877-->\n    <script nowprocket async type=\"text\/javascript\" src=\"https:\/\/www.mrplan.es\/experiencias\/modulos\/TWidget\/lib\/TWidgetInc.php?id_casa=579232&source_plugin=MrPlanPlugin&web_plugin=https%3A%2F%2Feljardindelconvento.com%2F2018%2Fhabitaciones%2F&cod_habitacion=571136-143\"><\/script>\n<div id=\"MrPlanPlugin_MotorScript\"><\/div>\n<div class=\"MrPlanPlugin_MotorContainer MrPlanPlugin_MotorContainer_1\" style=\"max-width:800px;\">\n\n\t<div nowprocket id=\"TEwsBuscadorB-1-1-579232-\" \n\t\tclass=\"TEwsWidgetInc capa_izq ancho_total\"\n\t\tTEws_id_idioma=\"0\"\n        url_confirmacion=\"https:\/\/eljardindelconvento.com\/2018\/confirmacion-de-reserva\/\"\t\t\n        TEws_id_elemento=\"579232\"\n        TEws_tipo_elemento=\"1\"\n        TEws_Hash=\"6a0a871e31f391eb9484c462582c8e0e63743a7d\"\n        TEws_id_destino=\"1\"\n        TEws_id_puntoventa=\"7877\"\n        TEws_autoload=\"0\"\n        TEws_fecha_ini=\"\"\n        TEws_n_noches=\"1\"\n        TEws_visualFilterOccupancy=\"0\" \n        w_contenido=\"completa\"\n\t\tBudgetV=\"2\" \n        mini_preview_V=\"2\" \n        TEws_onSearch=\"\" \n        TEws_version=\"12\" \n        TEws_tipo_widget=\"1\" \n        BV7_tipo_inicio=\"0\" \n        BV7_cambio_inicio=\"0\" \n        TEws_quitar_cabecera=\"0\" \n        TEws_iniciar_cerrado=\"0\" \n        TEws_bus_texto=\"0\" \n        TEws_sel_dispo=\"1\" \n        TEws_form_contacto=\"0\"  \n        TEws_result_in_esl=\"0\" \n        TEws_result_in_ext=\"0\" \n        TEws_cerrar_buscar=\"0\" \n        TEws_ver_resto_casas=\"0\" \n        TEws_activar_mas_menos=\"1\" \n        TEws_posicion=\"original\" \n        TEws_formato=\"2\" \n        TEws_formato_ficha=\"10\" \n        TEws_CoreSearch_V=\"7\"  \n        TEws_id_categoria=\"0\" \n        TEws_modo=\"RES\"  \n        TEws_radio=\"0\"\n        TEsw_filtro_exp=\"\" \n        TEws_filtro_casa=\"\" \n                TEws_cod_habitacion=\"579232-0\"\n                TEwsResultadoCoreSearch=\"TEwsResultCoreSearch-1-1-579232-\" \n        alt=\"MisterPlan  - Powered by RuralGest  - http:\/\/www.misterplan.es\" \n\t\ttitle_NO=\"MisterPlan  - Powered by RuralGest \"\n\t>\n        <div class=\"TMrPlanPlugin_Loading\">\n            <img decoding=\"async\" src=\"https:\/\/eljardindelconvento.com\/2018\/wp-content\/plugins\/misterplan\/assets\/images\/loading.svg\">\n        <\/div>\n    <\/div>\n    <div id=\"TEwsResultCoreSearch-1-1-579232-\" class=\"capa_izq TEwsBuscador_Experiencias_evnt\" style=\"width: 100%; margin-top: 20px;\" ><\/div> \n<\/div>\n<\/strong><\/p>\n<\/div>\n<\/div><\/div><\/div><\/div><div id=\"pg-99-1\"  class=\"panel-grid panel-has-style\" ><div class=\"presentacion panel-row-style panel-row-style-for-99-1\" ><div id=\"pgc-99-1-0\"  class=\"panel-grid-cell\" ><div id=\"panel-99-1-0-0\" class=\"so-panel widget widget_sow-image panel-first-child\" data-index=\"1\" ><div class=\"habit panel-widget-style panel-widget-style-for-99-1-0-0\" ><div\n\t\t\t\n\t\t\tclass=\"so-widget-sow-image so-widget-sow-image-default-6ec9e3772f75-99\"\n\t\t\t\n\t\t><h3 class=\"widget-title\">Habitaci\u00f3n 1 <p>Doble con cama de 135x190cm (+info)  <\/p><\/h3>\n<div class=\"sow-image-container\">\n\t\t\t<a href=\"https:\/\/eljardindelconvento.com\/2018\/habitaciones\/hab1\/\"\n\t\t\t\t\t>\n\t\t\t<img loading=\"lazy\" decoding=\"async\" src=\"https:\/\/eljardindelconvento.com\/2018\/wp-content\/uploads\/2025\/04\/1portada-H1-e1744806045991.jpg\" width=\"1024\" height=\"768\" sizes=\"auto, (max-width: 1024px) 100vw, 1024px\" title=\"Habitaci\u00f3n 1 &lt;p&gt;Doble con cama de 135x190cm (+info)  &lt;\/p&gt;\" alt=\"\" \t\tclass=\"so-widget-image\"\/>\n\t<\/a><\/div>\n\n<\/div><\/div><\/div><div id=\"panel-99-1-0-1\" class=\"so-panel widget widget_sow-image\" data-index=\"2\" ><div class=\"habit panel-widget-style panel-widget-style-for-99-1-0-1\" ><div\n\t\t\t\n\t\t\tclass=\"so-widget-sow-image so-widget-sow-image-default-8b5b6f678277-99\"\n\t\t\t\n\t\t><h3 class=\"widget-title\">Habitaci\u00f3n 2 <p>Doble con cama de 150x190cm (+info) <\/p><\/h3>\n<div class=\"sow-image-container\">\n\t\t\t<a href=\"https:\/\/eljardindelconvento.com\/2018\/habitaciones\/hab2\/\"\n\t\t\t\t\t>\n\t\t\t<img loading=\"lazy\" decoding=\"async\" src=\"https:\/\/eljardindelconvento.com\/2018\/wp-content\/uploads\/2025\/04\/1Portada-H2.jpg\" width=\"1024\" height=\"768\" srcset=\"https:\/\/eljardindelconvento.com\/2018\/wp-content\/uploads\/2025\/04\/1Portada-H2.jpg 1024w, https:\/\/eljardindelconvento.com\/2018\/wp-content\/uploads\/2025\/04\/1Portada-H2-300x225.jpg 300w, https:\/\/eljardindelconvento.com\/2018\/wp-content\/uploads\/2025\/04\/1Portada-H2-768x576.jpg 768w\" sizes=\"auto, (max-width: 1024px) 100vw, 1024px\" title=\"Habitaci\u00f3n 2 &lt;p&gt;Doble con cama de 150x190cm (+info) &lt;\/p&gt;\" alt=\"\" \t\tclass=\"so-widget-image\"\/>\n\t<\/a><\/div>\n\n<\/div><\/div><\/div><div id=\"panel-99-1-0-2\" class=\"so-panel widget widget_sow-image\" data-index=\"3\" ><div class=\"habit panel-widget-style panel-widget-style-for-99-1-0-2\" ><div\n\t\t\t\n\t\t\tclass=\"so-widget-sow-image so-widget-sow-image-default-8b5b6f678277-99\"\n\t\t\t\n\t\t><h3 class=\"widget-title\">Habitaci\u00f3n 3 <p>Individual o doble con cama de 135x190cm\u00a0(+info)  <\/p><\/h3>\n<div class=\"sow-image-container\">\n\t\t\t<a href=\"https:\/\/eljardindelconvento.com\/2018\/habitaciones\/hab3\/\"\n\t\t\t\t\t>\n\t\t\t<img loading=\"lazy\" decoding=\"async\" src=\"https:\/\/eljardindelconvento.com\/2018\/wp-content\/uploads\/2025\/04\/1Portada-H3.jpg\" width=\"1024\" height=\"768\" srcset=\"https:\/\/eljardindelconvento.com\/2018\/wp-content\/uploads\/2025\/04\/1Portada-H3.jpg 1024w, https:\/\/eljardindelconvento.com\/2018\/wp-content\/uploads\/2025\/04\/1Portada-H3-300x225.jpg 300w, https:\/\/eljardindelconvento.com\/2018\/wp-content\/uploads\/2025\/04\/1Portada-H3-768x576.jpg 768w\" sizes=\"auto, (max-width: 1024px) 100vw, 1024px\" title=\"Habitaci\u00f3n 3 &lt;p&gt;Individual o doble con cama de 135x190cm\u00a0(+info)  &lt;\/p&gt;\" alt=\"\" \t\tclass=\"so-widget-image\"\/>\n\t<\/a><\/div>\n\n<\/div><\/div><\/div><div id=\"panel-99-1-0-3\" class=\"so-panel widget widget_sow-image\" data-index=\"4\" ><div class=\"habit panel-widget-style panel-widget-style-for-99-1-0-3\" ><div\n\t\t\t\n\t\t\tclass=\"so-widget-sow-image so-widget-sow-image-default-8b5b6f678277-99\"\n\t\t\t\n\t\t><h3 class=\"widget-title\">Habitaci\u00f3n 4 <p>Doble con cama de 160x200cm. Admite 2 camas supletorias de 90x190cm (+info)<\/p><p><\/h3>\n<div class=\"sow-image-container\">\n\t\t\t<a href=\"https:\/\/eljardindelconvento.com\/2018\/habitaciones\/hab4\/\"\n\t\t\t\t\t>\n\t\t\t<img loading=\"lazy\" decoding=\"async\" src=\"https:\/\/eljardindelconvento.com\/2018\/wp-content\/uploads\/2025\/04\/1Portada-H4.jpg\" width=\"1024\" height=\"768\" srcset=\"https:\/\/eljardindelconvento.com\/2018\/wp-content\/uploads\/2025\/04\/1Portada-H4.jpg 1920w, https:\/\/eljardindelconvento.com\/2018\/wp-content\/uploads\/2025\/04\/1Portada-H4-300x201.jpg 300w, https:\/\/eljardindelconvento.com\/2018\/wp-content\/uploads\/2025\/04\/1Portada-H4-1600x1072.jpg 1600w, https:\/\/eljardindelconvento.com\/2018\/wp-content\/uploads\/2025\/04\/1Portada-H4-768x514.jpg 768w, https:\/\/eljardindelconvento.com\/2018\/wp-content\/uploads\/2025\/04\/1Portada-H4-1536x1028.jpg 1536w, https:\/\/eljardindelconvento.com\/2018\/wp-content\/uploads\/2025\/04\/1Portada-H4-272x182.jpg 272w\" sizes=\"auto, (max-width: 1024px) 100vw, 1024px\" title=\"Habitaci\u00f3n 4 &lt;p&gt;Doble con cama de 160x200cm. Admite 2 camas supletorias de 90x190cm (+info)&lt;\/p&gt;&lt;p&gt;\" alt=\"\" \t\tclass=\"so-widget-image\"\/>\n\t<\/a><\/div>\n\n<\/div><\/div><\/div><div id=\"panel-99-1-0-4\" class=\"so-panel widget widget_sow-image\" data-index=\"5\" ><div class=\"habit panel-widget-style panel-widget-style-for-99-1-0-4\" ><div\n\t\t\t\n\t\t\tclass=\"so-widget-sow-image so-widget-sow-image-default-8b5b6f678277-99\"\n\t\t\t\n\t\t><h3 class=\"widget-title\">Habitaci\u00f3n 5 <p>Doble con 2 camas de 90x190cm Admite 2 camas supletorias de 90x190cm\u00a0(+info)<\/p><\/h3>\n<div class=\"sow-image-container\">\n\t\t\t<a href=\"https:\/\/eljardindelconvento.com\/2018\/habitaciones\/hab5\/\"\n\t\t\t\t\t>\n\t\t\t<img loading=\"lazy\" decoding=\"async\" src=\"https:\/\/eljardindelconvento.com\/2018\/wp-content\/uploads\/2025\/04\/1PortadaH5-1429x1072.jpg\" width=\"1024\" height=\"768\" srcset=\"https:\/\/eljardindelconvento.com\/2018\/wp-content\/uploads\/2025\/04\/1PortadaH5-1429x1072.jpg 1429w, https:\/\/eljardindelconvento.com\/2018\/wp-content\/uploads\/2025\/04\/1PortadaH5-300x225.jpg 300w, https:\/\/eljardindelconvento.com\/2018\/wp-content\/uploads\/2025\/04\/1PortadaH5-768x576.jpg 768w, https:\/\/eljardindelconvento.com\/2018\/wp-content\/uploads\/2025\/04\/1PortadaH5-1536x1152.jpg 1536w, https:\/\/eljardindelconvento.com\/2018\/wp-content\/uploads\/2025\/04\/1PortadaH5.jpg 1920w\" sizes=\"auto, (max-width: 1024px) 100vw, 1024px\" title=\"Habitaci\u00f3n 5 &lt;p&gt;Doble con 2 camas de 90x190cm Admite 2 camas supletorias de 90x190cm\u00a0(+info)&lt;\/p&gt;\" alt=\"\" \t\tclass=\"so-widget-image\"\/>\n\t<\/a><\/div>\n\n<\/div><\/div><\/div><div id=\"panel-99-1-0-5\" class=\"so-panel widget widget_sow-image\" data-index=\"6\" ><div class=\"habit panel-widget-style panel-widget-style-for-99-1-0-5\" ><div\n\t\t\t\n\t\t\tclass=\"so-widget-sow-image so-widget-sow-image-default-8b5b6f678277-99\"\n\t\t\t\n\t\t><h3 class=\"widget-title\">Habitaci\u00f3n 6 <p>Doble con dos estancias, tipo suite. Cama de 150x190cm. Admite dos camas supletorias de 80x190cm\u00a0(+info)<\/p><\/h3>\n<div class=\"sow-image-container\">\n\t\t\t<a href=\"https:\/\/eljardindelconvento.com\/2018\/habitaciones\/hab6\/\"\n\t\t\t\t\t>\n\t\t\t<img loading=\"lazy\" decoding=\"async\" src=\"https:\/\/eljardindelconvento.com\/2018\/wp-content\/uploads\/2025\/04\/1PortadaH6-1429x1072.jpg\" width=\"1024\" height=\"768\" srcset=\"https:\/\/eljardindelconvento.com\/2018\/wp-content\/uploads\/2025\/04\/1PortadaH6-1429x1072.jpg 1429w, https:\/\/eljardindelconvento.com\/2018\/wp-content\/uploads\/2025\/04\/1PortadaH6-300x225.jpg 300w, https:\/\/eljardindelconvento.com\/2018\/wp-content\/uploads\/2025\/04\/1PortadaH6-768x576.jpg 768w, https:\/\/eljardindelconvento.com\/2018\/wp-content\/uploads\/2025\/04\/1PortadaH6-1536x1152.jpg 1536w, https:\/\/eljardindelconvento.com\/2018\/wp-content\/uploads\/2025\/04\/1PortadaH6.jpg 1920w\" sizes=\"auto, (max-width: 1024px) 100vw, 1024px\" title=\"Habitaci\u00f3n 6 &lt;p&gt;Doble con dos estancias, tipo suite. Cama de 150x190cm. Admite dos camas supletorias de 80x190cm\u00a0(+info)&lt;\/p&gt;\" alt=\"\" \t\tclass=\"so-widget-image\"\/>\n\t<\/a><\/div>\n\n<\/div><\/div><\/div><div id=\"panel-99-1-0-6\" class=\"so-panel widget widget_sow-image\" data-index=\"7\" ><div class=\"habit panel-widget-style panel-widget-style-for-99-1-0-6\" ><div\n\t\t\t\n\t\t\tclass=\"so-widget-sow-image so-widget-sow-image-default-c4f6304fc136-99\"\n\t\t\t\n\t\t><h3 class=\"widget-title\">Habitaci\u00f3n 7 <p>Doble con cama de 150 x 190cm. Sof\u00e1 convertible en cama de 140x190cm. Situada en planta baja y adaptada para personas con dificultades de movilidad\u00a0(+info)<\/p><\/h3>\n<div class=\"sow-image-container\">\n\t\t\t<a href=\"https:\/\/eljardindelconvento.com\/2018\/habitaciones\/hab7\/\"\n\t\t\t\t\t>\n\t\t\t<img loading=\"lazy\" decoding=\"async\" src=\"https:\/\/eljardindelconvento.com\/2018\/wp-content\/uploads\/2025\/04\/1portadaH7.jpg\" width=\"1024\" height=\"768\" srcset=\"https:\/\/eljardindelconvento.com\/2018\/wp-content\/uploads\/2025\/04\/1portadaH7.jpg 1024w, https:\/\/eljardindelconvento.com\/2018\/wp-content\/uploads\/2025\/04\/1portadaH7-300x200.jpg 300w, https:\/\/eljardindelconvento.com\/2018\/wp-content\/uploads\/2025\/04\/1portadaH7-768x512.jpg 768w, https:\/\/eljardindelconvento.com\/2018\/wp-content\/uploads\/2025\/04\/1portadaH7-272x182.jpg 272w\" sizes=\"auto, (max-width: 1024px) 100vw, 1024px\" title=\"Habitaci\u00f3n 7 &lt;p&gt;Doble con cama de 150 x 190cm. Sof\u00e1 convertible en cama de 140x190cm. Situada en planta baja y adaptada para personas con dificultades de movilidad\u00a0(+info)&lt;\/p&gt;\" alt=\"\" \t\tclass=\"so-widget-image\"\/>\n\t<\/a><\/div>\n\n<\/div><\/div><\/div><div id=\"panel-99-1-0-7\" class=\"so-panel widget widget_sow-image panel-last-child\" data-index=\"8\" ><div class=\"habit panel-widget-style panel-widget-style-for-99-1-0-7\" ><div\n\t\t\t\n\t\t\tclass=\"so-widget-sow-image so-widget-sow-image-default-8b5b6f678277-99\"\n\t\t\t\n\t\t><h3 class=\"widget-title\">La Casita del Jard\u00edn <p>Es una construcci\u00f3n de piedra de 42m2 \u00fatiles situada en la parte izquierda del jard\u00edn mirando al suroeste\u00a0(+info)<\/p><\/h3>\n<div class=\"sow-image-container\">\n\t\t\t<a href=\"https:\/\/eljardindelconvento.com\/2018\/habitaciones\/la-casita\/\"\n\t\t\t\t\t>\n\t\t\t<img loading=\"lazy\" decoding=\"async\" src=\"https:\/\/eljardindelconvento.com\/2018\/wp-content\/uploads\/slider11\/casita2.jpeg\" width=\"1024\" height=\"768\" srcset=\"https:\/\/eljardindelconvento.com\/2018\/wp-content\/uploads\/slider11\/casita2.jpeg 1000w, https:\/\/eljardindelconvento.com\/2018\/wp-content\/uploads\/slider11\/casita2-300x209.jpeg 300w, https:\/\/eljardindelconvento.com\/2018\/wp-content\/uploads\/slider11\/casita2-768x536.jpeg 768w\" sizes=\"auto, (max-width: 1000px) 100vw, 1000px\" title=\"La Casita del Jard\u00edn &lt;p&gt;Es una construcci\u00f3n de piedra de 42m2 \u00fatiles situada en la parte izquierda del jard\u00edn mirando al suroeste\u00a0(+info)&lt;\/p&gt;\" alt=\"\" \t\tclass=\"so-widget-image\"\/>\n\t<\/a><\/div>\n\n<\/div><\/div><\/div><\/div><\/div><\/div><\/div>","protected":false},"excerpt":{"rendered":"<p>Habitaci\u00f3n 1 Doble con cama de 135x190cm (+info) Habitaci\u00f3n 2 Doble con cama de 150x190cm (+info) Habitaci\u00f3n 3 Individual o doble con cama de 135x190cm\u00a0(+info) Habitaci\u00f3n 4 Doble con cama de 160x200cm. Admite 2 camas supletorias de 90x190cm (+info) Habitaci\u00f3n 5 Doble con 2 camas de 90x190cm Admite 2 camas supletorias de 90x190cm\u00a0(+info) Habitaci\u00f3n 6 [&hellip;]<\/p>\n","protected":false},"author":4,"featured_media":0,"parent":0,"menu_order":0,"comment_status":"closed","ping_status":"closed","template":"","meta":{"footnotes":""},"class_list":["post-99","page","type-page","status-publish","hentry"],"_links":{"self":[{"href":"https:\/\/eljardindelconvento.com\/2018\/wp-json\/wp\/v2\/pages\/99","targetHints":{"allow":["GET"]}}],"collection":[{"href":"https:\/\/eljardindelconvento.com\/2018\/wp-json\/wp\/v2\/pages"}],"about":[{"href":"https:\/\/eljardindelconvento.com\/2018\/wp-json\/wp\/v2\/types\/page"}],"author":[{"embeddable":true,"href":"https:\/\/eljardindelconvento.com\/2018\/wp-json\/wp\/v2\/users\/4"}],"replies":[{"embeddable":true,"href":"https:\/\/eljardindelconvento.com\/2018\/wp-json\/wp\/v2\/comments?post=99"}],"version-history":[{"count":125,"href":"https:\/\/eljardindelconvento.com\/2018\/wp-json\/wp\/v2\/pages\/99\/revisions"}],"predecessor-version":[{"id":1414,"href":"https:\/\/eljardindelconvento.com\/2018\/wp-json\/wp\/v2\/pages\/99\/revisions\/1414"}],"wp:attachment":[{"href":"https:\/\/eljardindelconvento.com\/2018\/wp-json\/wp\/v2\/media?parent=99"}],"curies":[{"name":"wp","href":"https:\/\/api.w.org\/{rel}","templated":true}]}}