{"id":248,"date":"2018-08-29T17:07:29","date_gmt":"2018-08-29T17:07:29","guid":{"rendered":"https:\/\/eljardindelconvento.com\/2018\/?page_id=248"},"modified":"2026-01-12T10:23:02","modified_gmt":"2026-01-12T10:23:02","slug":"la-casita","status":"publish","type":"page","link":"https:\/\/eljardindelconvento.com\/2018\/habitaciones\/la-casita\/","title":{"rendered":"La Casita del Jard\u00edn"},"content":{"rendered":"<div id=\"pl-248\"  class=\"panel-layout\" ><div id=\"pg-248-0\"  class=\"panel-grid panel-no-style\" ><div id=\"pgc-248-0-0\"  class=\"panel-grid-cell\" ><div id=\"panel-248-0-0-0\" class=\"so-panel widget widget_sow-editor panel-first-child panel-last-child\" data-index=\"0\" ><div\n\t\t\t\n\t\t\tclass=\"so-widget-sow-editor so-widget-sow-editor-base\"\n\t\t\t\n\t\t>\n<div class=\"siteorigin-widget-tinymce textwidget\">\n\t<p><strong>\n<!-- MISTERPLAN PLUGIN 1.1.44-->\n<!-- MISTERPLAN PLUGIN MOTOR TIPO 1 ID ELEMENTO 579232 DESTINO 1 PV 7877-->\n    <script nowprocket async type=\"text\/javascript\" src=\"https:\/\/www.mrplan.es\/experiencias\/modulos\/TWidget\/lib\/TWidgetInc.php?id_casa=579232&source_plugin=MrPlanPlugin&web_plugin=https%3A%2F%2Feljardindelconvento.com%2F2018%2Fhabitaciones%2Fla-casita%2F&cod_habitacion=571136-143\"><\/script>\n<div id=\"MrPlanPlugin_MotorScript\"><\/div>\n<div class=\"MrPlanPlugin_MotorContainer MrPlanPlugin_MotorContainer_1\" style=\"max-width:800px;\">\n\n\t<div nowprocket id=\"TEwsBuscadorB-1-1-579232-\" \n\t\tclass=\"TEwsWidgetInc capa_izq ancho_total\"\n\t\tTEws_id_idioma=\"0\"\n        url_confirmacion=\"https:\/\/eljardindelconvento.com\/2018\/confirmacion-de-reserva\/\"\t\t\n        TEws_id_elemento=\"579232\"\n        TEws_tipo_elemento=\"1\"\n        TEws_Hash=\"6a0a871e31f391eb9484c462582c8e0e63743a7d\"\n        TEws_id_destino=\"1\"\n        TEws_id_puntoventa=\"7877\"\n        TEws_autoload=\"0\"\n        TEws_fecha_ini=\"\"\n        TEws_n_noches=\"1\"\n        TEws_visualFilterOccupancy=\"0\" \n        w_contenido=\"completa\"\n\t\tBudgetV=\"2\" \n        mini_preview_V=\"2\" \n        TEws_onSearch=\"\" \n        TEws_version=\"12\" \n        TEws_tipo_widget=\"1\" \n        BV7_tipo_inicio=\"0\" \n        BV7_cambio_inicio=\"0\" \n        TEws_quitar_cabecera=\"0\" \n        TEws_iniciar_cerrado=\"0\" \n        TEws_bus_texto=\"0\" \n        TEws_sel_dispo=\"1\" \n        TEws_form_contacto=\"0\"  \n        TEws_result_in_esl=\"0\" \n        TEws_result_in_ext=\"0\" \n        TEws_cerrar_buscar=\"0\" \n        TEws_ver_resto_casas=\"0\" \n        TEws_activar_mas_menos=\"1\" \n        TEws_posicion=\"original\" \n        TEws_formato=\"2\" \n        TEws_formato_ficha=\"10\" \n        TEws_CoreSearch_V=\"7\"  \n        TEws_id_categoria=\"0\" \n        TEws_modo=\"RES\"  \n        TEws_radio=\"0\"\n        TEsw_filtro_exp=\"\" \n        TEws_filtro_casa=\"\" \n                TEws_cod_habitacion=\"579232-0\"\n                TEwsResultadoCoreSearch=\"TEwsResultCoreSearch-1-1-579232-\" \n        alt=\"MisterPlan  - Powered by RuralGest  - http:\/\/www.misterplan.es\" \n\t\ttitle_NO=\"MisterPlan  - Powered by RuralGest \"\n\t>\n        <div class=\"TMrPlanPlugin_Loading\">\n            <img decoding=\"async\" src=\"https:\/\/eljardindelconvento.com\/2018\/wp-content\/plugins\/misterplan\/assets\/images\/loading.svg\">\n        <\/div>\n    <\/div>\n    <div id=\"TEwsResultCoreSearch-1-1-579232-\" class=\"capa_izq TEwsBuscador_Experiencias_evnt\" style=\"width: 100%; margin-top: 20px;\" ><\/div> \n<\/div>\n<\/strong><\/p>\n<\/div>\n<\/div><\/div><\/div><\/div><div id=\"pg-248-1\"  class=\"panel-grid panel-no-style\" ><div id=\"pgc-248-1-0\"  class=\"panel-grid-cell\" ><div id=\"panel-248-1-0-0\" class=\"so-panel widget widget_sow-editor panel-first-child panel-last-child\" data-index=\"1\" ><div\n\t\t\t\n\t\t\tclass=\"so-widget-sow-editor so-widget-sow-editor-base\"\n\t\t\t\n\t\t>\n<div class=\"siteorigin-widget-tinymce textwidget\">\n\t<div><\/div>\n<\/div>\n<\/div><\/div><\/div><div id=\"pgc-248-1-1\"  class=\"panel-grid-cell\" ><div id=\"panel-248-1-1-0\" class=\"so-panel widget widget_sow-editor panel-first-child panel-last-child\" data-index=\"2\" ><div\n\t\t\t\n\t\t\tclass=\"so-widget-sow-editor so-widget-sow-editor-base\"\n\t\t\t\n\t\t>\n<div class=\"siteorigin-widget-tinymce textwidget\">\n\t<p><!-- \nLa casita del jard\u00edn no necesita `media queries`.\nSe adapta sola a todas las estaciones \ud83c\udf41\ud83c\udf38\u2600\ufe0f\u2744\ufe0f\n--><\/p>\n<div class=\"habitacion_txt\">\n<p><span class=\"titulo\">La Casita del Jard\u00edn<\/span><\/p>\n<p>- Es una construcci\u00f3n de piedra vista con planta baja y altillo abuhardillado,<span class=\"Apple-converted-space\">\u00a0 <\/span>situada en el jard\u00edn<br \/>\n- Planta baja: sala de estar con sof\u00e1, sill\u00f3n, mesas con sillas, chimenea de le\u00f1a, cocina y ba\u00f1o<br \/>\n- Altillo: 2 dormitorios abuhardillados separados por una puerta<br \/>\n- Dormitorio 1: Cama de 135 x 190 cm<br \/>\n- Dormitorio 2: 2 camas de 90 x 190 cm\u2028<br \/>\n- Espacio privado de c\u00e9sped con toldo y mobiliario de jard\u00edn<br \/>\n- Especialmente adecuada para parejas con ni\u00f1os<br \/>\n- Superficie total ( planta baja + altillo ): 80 m2<br \/>\n- Aire acondicionado, TV y wifi<\/p>\n<\/div>\n<div><\/div>\n<div><img loading=\"lazy\" decoding=\"async\" class=\"alignnone size-full wp-image-695\" src=\"https:\/\/eljardindelconvento.com\/2018\/wp-content\/uploads\/2018\/12\/iconos-web_casita.png\" alt=\"servicios la casita\" width=\"292\" height=\"49\" \/><\/div>\n<\/div>\n<\/div><\/div><\/div><\/div><\/div>","protected":false},"excerpt":{"rendered":"<p>La Casita del Jard\u00edn &#8211; Es una construcci\u00f3n de piedra vista con planta baja y altillo abuhardillado,\u00a0 situada en el jard\u00edn &#8211; Planta baja: sala de estar con sof\u00e1, sill\u00f3n, mesas con sillas, chimenea de le\u00f1a, cocina y ba\u00f1o &#8211; Altillo: 2 dormitorios abuhardillados separados por una puerta &#8211; Dormitorio 1: Cama de 135 x [&hellip;]<\/p>\n","protected":false},"author":4,"featured_media":0,"parent":99,"menu_order":0,"comment_status":"closed","ping_status":"closed","template":"","meta":{"footnotes":""},"class_list":["post-248","page","type-page","status-publish","hentry"],"_links":{"self":[{"href":"https:\/\/eljardindelconvento.com\/2018\/wp-json\/wp\/v2\/pages\/248","targetHints":{"allow":["GET"]}}],"collection":[{"href":"https:\/\/eljardindelconvento.com\/2018\/wp-json\/wp\/v2\/pages"}],"about":[{"href":"https:\/\/eljardindelconvento.com\/2018\/wp-json\/wp\/v2\/types\/page"}],"author":[{"embeddable":true,"href":"https:\/\/eljardindelconvento.com\/2018\/wp-json\/wp\/v2\/users\/4"}],"replies":[{"embeddable":true,"href":"https:\/\/eljardindelconvento.com\/2018\/wp-json\/wp\/v2\/comments?post=248"}],"version-history":[{"count":37,"href":"https:\/\/eljardindelconvento.com\/2018\/wp-json\/wp\/v2\/pages\/248\/revisions"}],"predecessor-version":[{"id":1423,"href":"https:\/\/eljardindelconvento.com\/2018\/wp-json\/wp\/v2\/pages\/248\/revisions\/1423"}],"up":[{"embeddable":true,"href":"https:\/\/eljardindelconvento.com\/2018\/wp-json\/wp\/v2\/pages\/99"}],"wp:attachment":[{"href":"https:\/\/eljardindelconvento.com\/2018\/wp-json\/wp\/v2\/media?parent=248"}],"curies":[{"name":"wp","href":"https:\/\/api.w.org\/{rel}","templated":true}]}}