{"version":"1.0","provider_name":"El Jard\u00edn del Convento","provider_url":"https:\/\/eljardindelconvento.com\/2018","title":"Nuestra pol\u00edtica de privacidad","type":"rich","width":600,"height":338,"html":"<blockquote class=\"wp-embedded-content\" data-secret=\"UDYF9eL1us\"><a href=\"https:\/\/eljardindelconvento.com\/2018\/politica-privacidad\/\">Pol\u00edtica de privacidad<\/a><\/blockquote><iframe sandbox=\"allow-scripts\" security=\"restricted\" src=\"https:\/\/eljardindelconvento.com\/2018\/politica-privacidad\/embed\/#?secret=UDYF9eL1us\" width=\"600\" height=\"338\" title=\"\u00abPol\u00edtica de privacidad\u00bb \u2014 El Jard\u00edn del Convento\" data-secret=\"UDYF9eL1us\" frameborder=\"0\" marginwidth=\"0\" marginheight=\"0\" scrolling=\"no\" class=\"wp-embedded-content\"><\/iframe><script type=\"text\/javascript\">\n\/* <![CDATA[ *\/\n\/*! This file is auto-generated *\/\n!function(d,l){\"use strict\";l.querySelector&&d.addEventListener&&\"undefined\"!=typeof URL&&(d.wp=d.wp||{},d.wp.receiveEmbedMessage||(d.wp.receiveEmbedMessage=function(e){var t=e.data;if((t||t.secret||t.message||t.value)&&!\/[^a-zA-Z0-9]\/.test(t.secret)){for(var s,r,n,a=l.querySelectorAll('iframe[data-secret=\"'+t.secret+'\"]'),o=l.querySelectorAll('blockquote[data-secret=\"'+t.secret+'\"]'),c=new RegExp(\"^https?:$\",\"i\"),i=0;i<o.length;i++)o[i].style.display=\"none\";for(i=0;i<a.length;i++)s=a[i],e.source===s.contentWindow&&(s.removeAttribute(\"style\"),\"height\"===t.message?(1e3<(r=parseInt(t.value,10))?r=1e3:~~r<200&&(r=200),s.height=r):\"link\"===t.message&&(r=new URL(s.getAttribute(\"src\")),n=new URL(t.value),c.test(n.protocol))&&n.host===r.host&&l.activeElement===s&&(d.top.location.href=t.value))}},d.addEventListener(\"message\",d.wp.receiveEmbedMessage,!1),l.addEventListener(\"DOMContentLoaded\",function(){for(var e,t,s=l.querySelectorAll(\"iframe.wp-embedded-content\"),r=0;r<s.length;r++)(t=(e=s[r]).getAttribute(\"data-secret\"))||(t=Math.random().toString(36).substring(2,12),e.src+=\"#?secret=\"+t,e.setAttribute(\"data-secret\",t)),e.contentWindow.postMessage({message:\"ready\",secret:t},\"*\")},!1)))}(window,document);\n\/* ]]> *\/\n<\/script>\n","description":"POL\u00cdTICA DE PRIVACIDAD La Pol\u00edtica de Privacidad forma parte de las Condiciones Generales que rigen la presente Web. \u00bfQui\u00e9n es el responsable del tratamiento de sus datos? Hotel El Jard\u00edn del Convento &#8211; Carlos Fern\u00e1ndez Neila CIF: 76100986N Domicilio: Plaza del convento, 22., C.P. 10700, de Herv\u00e1s. Tel\u00e9fono: 927481161 Correo electr\u00f3nico: carlos@eljardindelconvento.com &nbsp; Puedes dirigirte [&hellip;]"}