{"id":3,"date":"2018-08-01T07:21:54","date_gmt":"2018-08-01T07:21:54","guid":{"rendered":"https:\/\/eljardindelconvento.com\/2018\/?page_id=3"},"modified":"2018-10-02T08:21:18","modified_gmt":"2018-10-02T08:21:18","slug":"politica-privacidad","status":"publish","type":"page","link":"https:\/\/eljardindelconvento.com\/2018\/en\/politica-privacidad\/","title":{"rendered":"Pol\u00edtica de privacidad"},"content":{"rendered":"<div class=\"texto_solo\">\n<p><strong><u>POL\u00cdTICA DE PRIVACIDAD<\/u><\/strong><\/p>\n<p>La Pol\u00edtica de Privacidad forma parte de las Condiciones Generales que rigen la presente Web.<\/p>\n<p><strong>\u00bfQui\u00e9n es el responsable del tratamiento de sus datos?<\/strong><\/p>\n<p><strong>Hotel El Jard\u00edn del Convento<\/strong> &#8211; Carlos Fern\u00e1ndez Neila CIF: 76100986N<br \/>\n<strong>Domicilio<\/strong>: Plaza del convento, 22., C.P. 10700, de Herv\u00e1s.<br \/>\n<strong>Tel\u00e9fono<\/strong>: 927481161<br \/>\n<strong>Correo electr\u00f3nico<\/strong>: carlos@eljardindelconvento.com<\/p>\n<p>&nbsp;<\/p>\n<p>Puedes dirigirte de cualquier forma para comunicarte con nosotros.<\/p>\n<p>Nos reservamos el derecho a modificar o adaptar la presente Pol\u00edtica de Privacidad en cualquier momento. Te recomendamos revisar la misma, y si te has registrado y accedes a tu cuenta o perfil, se te informar\u00e1 de las modificaciones.<\/p>\n<p><strong>\u00bfCon que finalidades vamos a tratar sus datos personales?<\/strong><\/p>\n<p><strong><u>&#8211; Clientes:<\/u><\/strong><\/p>\n<p>Vamos a tratar sus datos personales con las siguientes finalidades: mantenimiento y gesti\u00f3n de la relaci\u00f3n contractual y precontractual.<\/p>\n<p><strong><u>&#8211; Proveedores:<\/u><\/strong><\/p>\n<p>Vamos a tratar sus datos personales con la finalidad de facturaci\u00f3n.<\/p>\n<p><strong><u>&#8211; Contactos de la web o del correo electr\u00f3nico:<\/u><\/strong><\/p>\n<p>Vamos a tratar sus datos personales con las siguientes finalidades: Contestar a sus consultas, solicitudes o peticiones. Gestionar el servicio solicitado, contestar tu solicitud, o tramitar tu petici\u00f3n.<\/p>\n<p><strong>\u00a0<\/strong><\/p>\n<p><strong>\u00bfCu\u00e1l es la legitimaci\u00f3n para el tratamiento de sus datos?<\/strong><\/p>\n<p><strong><u>&#8211; Clientes:<\/u><\/strong><\/p>\n<p>La base legal para el tratamiento de sus datos es la ejecuci\u00f3n de un contrato y mantenimiento de la relaci\u00f3n contractual.<\/p>\n<p><strong><u>&#8211; Proveedores:<\/u><\/strong><\/p>\n<p>La base legal para el tratamiento de sus datos es la ejecuci\u00f3n de un contrato y mantenimiento de la relaci\u00f3n contractual.<\/p>\n<p><strong><u>&#8211; Contactos de la web o del correo electr\u00f3nico:<\/u><\/strong><\/p>\n<p>La base legal para el tratamiento de sus datos es el consentimiento del interesado. En aquellos casos donde para realizar una solicitud sea necesario cumplimentar un formulario y hacer un &#8220;click&#8221; en el bot\u00f3n de enviar, la realizaci\u00f3n del mismo implicar\u00e1 necesariamente que ha sido informado y ha otorgado expresamente su consentimiento al contenido de la cl\u00e1usula anexada a dicho formulario o aceptaci\u00f3n de la pol\u00edtica de privacidad.<\/p>\n<p>&nbsp;<\/p>\n<p><strong>\u00bfA qu\u00e9 destinatarios se comunicar\u00e1n sus datos?<\/strong><\/p>\n<p>Sus datos no se ceder\u00e1n a terceros, salvo obligaci\u00f3n legal.<\/p>\n<p>En concreto se comunicar\u00e1n a la Agencia Estatal de la Administraci\u00f3n Tributaria y a bancos y entidades financieras para el cobro del servicio prestado o producto adquirido, s\u00ed como a los encargados del tratamiento necesarios para la ejecuci\u00f3n del acuerdo.<\/p>\n<p>&nbsp;<\/p>\n<p><strong>\u00bfQu\u00e9 medidas de seguridad aplicamos?<\/strong><\/p>\n<p>Puede estar tranquilo, hemos adoptado un nivel \u00f3ptimo de protecci\u00f3n de los Datos Personales que manejamos, y hemos instalado todos los medios y medidas t\u00e9cnicas a nuestra disposici\u00f3n seg\u00fan el estado de la tecnolog\u00eda para evitar la p\u00e9rdida, mal uso, alteraci\u00f3n, acceso no autorizado y robo de los Datos Personales.<\/p>\n<p><strong>\u00a0<\/strong><\/p>\n<p><strong>\u00bfCu\u00e1les son sus derechos cuando nos facilita sus datos?<\/strong><\/p>\n<p>Cualquier persona tiene derecho a obtener confirmaci\u00f3n sobre la existencia de un tratamiento sus datos personales, a acceder a sus datos personales, solicitar la rectificaci\u00f3n de los mismos que sean inexactos o, en su caso, solicitar la supresi\u00f3n, cuando entre otros motivos, los datos ya no sean necesarios para los fines para los que fueron recogidos o el interesado retire el consentimiento otorgado.<\/p>\n<p>En determinados supuestos el interesado podr\u00e1 solicitar la limitaci\u00f3n del tratamiento de sus datos, en cuyo caso s\u00f3lo los conservaremos de acuerdo con la normativa vigente.<\/p>\n<p>En determinados supuestos puede ejercitar su derecho a la portabilidad de los datos, que ser\u00e1n entregados en un formato estructurado, de uso com\u00fan o lectura mec\u00e1nica a usted o el nuevo responsable de tratamiento que designe.<\/p>\n<p>Tiene derecho a revocar en cualquier momento el consentimiento para cualquiera de los tratamientos para los que lo ha otorgado.<\/p>\n<p>Hotel El Jard\u00edn del Convento &#8211; Carlos Fern\u00e1ndez Neila dispone de formularios para el ejercicio de derechos que pueden ser solicitados al email carlos@eljardindelconvento.com o utilizar los elaborados por la Agencia Espa\u00f1ola de Protecci\u00f3n de Datos o terceros. Estos formularios deber\u00e1n ir firmados electr\u00f3nicamente o ser acompa\u00f1ados de fotocopia del DNI. Si se act\u00faa por medio de representante de la misma manera deber\u00e1 ir acompa\u00f1ado de copia de su DNI o con firma electr\u00f3nica.<\/p>\n<p>Los formularios deber\u00e1n ser presentados presencialmente a Hotel El Jard\u00edn del Convento &#8211; Carlos Fern\u00e1ndez Neila o remitidos por correo postal o electr\u00f3nico en las direcciones que aparecen en el apartado \u201cResponsable\u201d.<\/p>\n<p>Tiene derecho a presentar una reclamaci\u00f3n ante la Agencia Espa\u00f1ola de Protecci\u00f3n de Datos en el supuesto que considere que no se ha atendido convenientemente el ejercicio de sus derechos. El plazo m\u00e1ximo para resolver es el de un mes a contar desde la recepci\u00f3n de su solicitud.<\/p>\n<p>En el caso de producirse alguna modificaci\u00f3n de sus datos, le agradecemos nos lo comunique debidamente por escrito con la finalidad de mantener sus datos actualizados.<\/p>\n<p><strong>\u00a0<\/strong><\/p>\n<p><strong>\u00bfPor cu\u00e1nto tiempo conservaremos sus datos?<\/strong><\/p>\n<p>Los datos personales ser\u00e1n mantenidos mientras se mantenga la vinculaci\u00f3n con Hotel El Jard\u00edn del Convento &#8211; Carlos Fern\u00e1ndez Neila. Al finalizar los mismos, los datos personales tratados en cada una de las finalidades indicadas se mantendr\u00e1n durante los plazos legalmente previstos o durante el plazo que un juez o tribunal los pueda requerir atendiendo al plazo de prescripci\u00f3n de acciones judiciales. Los datos tratados se mantendr\u00e1n en tanto no expiren los plazos legales aludidos anteriormente, si hubiera obligaci\u00f3n legal de mantenimiento, o de no existir ese plazo legal, hasta que el interesado solicite su supresi\u00f3n o revoque el consentimiento otorgado.<\/p>\n<p>En cada tratamiento o tipolog\u00eda de datos, te facilitamos un periodo espec\u00edfico, que puedes consultar en la siguiente tabla:<\/p>\n<table border=\"1\">\n<tbody>\n<tr>\n<td width=\"113\">Fichero<\/td>\n<td width=\"232\">Documento<\/td>\n<td width=\"137\">Conservaci\u00f3n<\/td>\n<\/tr>\n<tr>\n<td rowspan=\"3\" width=\"113\">Clientes<\/td>\n<td width=\"232\">Facturas<\/td>\n<td width=\"137\">10 a\u00f1os<\/td>\n<\/tr>\n<tr>\n<td width=\"232\">Formularios y cupones<\/td>\n<td width=\"137\">15 a\u00f1os<\/td>\n<\/tr>\n<tr>\n<td width=\"232\">Contratos<\/td>\n<td width=\"137\">5 a\u00f1os<\/td>\n<\/tr>\n<tr>\n<td rowspan=\"4\" width=\"113\">Recursos Humanos<\/td>\n<td width=\"232\">N\u00f3minas, TC1, TC2, etc.<\/td>\n<td width=\"137\">10 a\u00f1os<\/td>\n<\/tr>\n<tr>\n<td width=\"232\">Curriculums<\/td>\n<td width=\"137\">Hasta el fin del proceso de selecci\u00f3n, y 1 a\u00f1o m\u00e1s con tu consentimiento<\/td>\n<\/tr>\n<tr>\n<td width=\"232\">Docs de indemnizaciones por despido.<\/p>\n<p>Contratos.<\/p>\n<p>Datos de trabajadores temporales.<\/td>\n<td width=\"137\">4 a\u00f1os<\/td>\n<\/tr>\n<tr>\n<td width=\"232\">Expediente del trabajador.<\/td>\n<td width=\"137\">Hasta 5 a\u00f1os tras la baja.<\/td>\n<\/tr>\n<tr>\n<td width=\"113\">M\u00e1rketing<\/td>\n<td width=\"232\">Bases de datos o visitantes de la web.<\/td>\n<td width=\"137\">Mientras dure el tratamiento.<\/td>\n<\/tr>\n<tr>\n<td rowspan=\"2\" width=\"113\">Proveedores<\/td>\n<td width=\"232\">Facturas<\/td>\n<td width=\"137\">10 a\u00f1os<\/td>\n<\/tr>\n<tr>\n<td width=\"232\">Contratos<\/td>\n<td width=\"137\">5 a\u00f1os<\/td>\n<\/tr>\n<tr>\n<td rowspan=\"2\" width=\"113\">Control de acceso y videovigilacia<\/td>\n<td width=\"232\">Lista de visitantes<\/td>\n<td width=\"137\">30 d\u00edas<\/td>\n<\/tr>\n<tr>\n<td width=\"232\">V\u00eddeos<\/td>\n<td width=\"137\">30 d\u00edas bloqueo<\/p>\n<p>3 a\u00f1os destrucci\u00f3n<\/td>\n<\/tr>\n<tr>\n<td width=\"113\">Contabilidad<\/td>\n<td width=\"232\">Libros y Documentos contables.<\/p>\n<p>Acuerdos socios y consejos de administraci\u00f3n, estatutos de la sociedad, actas, reglamento consejo de administraci\u00f3n y comisiones delegadas.<\/p>\n<p>Estados financieros, informes de auditoria<\/p>\n<p>Registros y documentos relacionados con subvenciones<\/td>\n<td width=\"137\">6 a\u00f1os<\/td>\n<\/tr>\n<tr>\n<td rowspan=\"2\" width=\"113\">Fiscal<\/td>\n<td width=\"232\">Llevanza de la administraci\u00f3n de la empresa, derechos y obligaciones relativos al pago de impuestos.<\/p>\n<p>Administraci\u00f3n de pagos de dividendos y retenciones fiscales.<\/td>\n<td width=\"137\">10 a\u00f1os<\/td>\n<\/tr>\n<tr>\n<td width=\"232\">Informaci\u00f3n sobre el establecimientos de precio intragrupo<\/td>\n<td width=\"137\">18 a\u00f1os<\/p>\n<p>8 a\u00f1os para transacciones intragrupo para los acuerdos de precios<\/td>\n<\/tr>\n<tr>\n<td width=\"113\">Seguridad y Salud<\/td>\n<td width=\"232\">Registros M\u00e9dicos de Trabajadores<\/td>\n<td width=\"137\">5 a\u00f1os<\/td>\n<\/tr>\n<tr>\n<td rowspan=\"5\" width=\"113\">Medioambiente<\/td>\n<td width=\"232\">Informaci\u00f3n sustancias qu\u00edmicas o sustancialmente peligrosas<\/td>\n<td width=\"137\">10 a\u00f1os<\/td>\n<\/tr>\n<tr>\n<td width=\"232\">Documentos relativos a permisos medioambientales\u00a0\u00a0\u00a0\u00a0\u00a0\u00a0\u00a0\u00a0\u00a0\u00a0\u00a0\u00a0\u00a0\u00a0\u00a0\u00a0\u00a0 Mientras se lleve a cabo la actividad.<\/td>\n<td width=\"137\">3 a\u00f1os tras el cierre de la actividad<\/p>\n<p>10 a\u00f1os (prescripci\u00f3n delito)<\/td>\n<\/tr>\n<tr>\n<td width=\"232\">Registros sobre reciclaje o la eliminaci\u00f3n de residuos<\/td>\n<td width=\"137\">3 a\u00f1os<\/td>\n<\/tr>\n<tr>\n<td width=\"232\">Subvenciones para operaciones de limpieza debe conservar los documentos de derechos y obligaciones, recibos y pagos.<\/td>\n<td width=\"137\">4 a\u00f1os<\/td>\n<\/tr>\n<tr>\n<td width=\"232\">Informes sobre accidentes<\/p>\n<p>&nbsp;<\/td>\n<td width=\"137\">5 a\u00f1os<\/td>\n<\/tr>\n<tr>\n<td width=\"113\">Seguros<\/td>\n<td width=\"232\">P\u00f3lizas de seguros<\/td>\n<td width=\"137\">6 a\u00f1os (regla general)<\/p>\n<p>2 a\u00f1os (da\u00f1os)<\/p>\n<p>5 a\u00f1os (personales)<\/p>\n<p>10 a\u00f1os (vida)<\/td>\n<\/tr>\n<tr>\n<td width=\"113\">Compras<\/td>\n<td width=\"232\">Registro todas las entregadas de bienes o prestaci\u00f3n de servicios, adquisiciones intracomunitarias, importaciones y exportaciones a efectos de IVA.<\/td>\n<td width=\"137\">5 a\u00f1os<\/td>\n<\/tr>\n<tr>\n<td rowspan=\"3\" width=\"113\">Jur\u00eddico<\/td>\n<td width=\"232\">Documentos Propiedad Intelectual e Industrial.<\/p>\n<p>Contratos y acuerdos.<\/td>\n<td width=\"137\">5 a\u00f1os<\/td>\n<\/tr>\n<tr>\n<td width=\"232\">Permisos, licencias, certificados<\/td>\n<td width=\"137\">6 a\u00f1os desde la fecha de expiraci\u00f3n del permiso, licencia o certificado.<\/p>\n<p>10 a\u00f1os (prescripci\u00f3n penal)<\/td>\n<\/tr>\n<tr>\n<td width=\"232\">Acuerdos de confidencialidad y de no competencia<\/td>\n<td width=\"137\">Siempre el plazo de duraci\u00f3n de la obligaci\u00f3n o de la \u00a0 \u00a0 confidencialidad<\/td>\n<\/tr>\n<tr>\n<td rowspan=\"2\" width=\"113\">LOPD<\/td>\n<td width=\"232\">Tratamiento de datos personales, si es diferente del tratamiento notificado a la AEPD<\/td>\n<td width=\"137\">3 a\u00f1os<\/td>\n<\/tr>\n<tr>\n<td width=\"232\">Datos personales de empleados almacenados en las redes, ordenadores y equipos de comunicaciones utilizados por estos, controles de acceso y sistemas de gesti\u00f3n\/administraci\u00f3n internos<\/td>\n<td width=\"137\">5 a\u00f1os<\/td>\n<\/tr>\n<\/tbody>\n<\/table>\n<p>&nbsp;<\/p>\n<\/div>\n","protected":false},"excerpt":{"rendered":"<p>POL\u00cdTICA DE PRIVACIDAD La Pol\u00edtica de Privacidad forma parte de las Condiciones Generales que rigen la presente Web. \u00bfQui\u00e9n es el responsable del tratamiento de sus datos? Hotel El Jard\u00edn del Convento &#8211; Carlos Fern\u00e1ndez Neila CIF: 76100986N Domicilio: Plaza del convento, 22., C.P. 10700, de Herv\u00e1s. Tel\u00e9fono: 927481161 Correo electr\u00f3nico: carlos@eljardindelconvento.com &nbsp; Puedes dirigirte [&hellip;]<\/p>\n","protected":false},"author":4,"featured_media":0,"parent":0,"menu_order":0,"comment_status":"closed","ping_status":"open","template":"","meta":{"footnotes":""},"class_list":["post-3","page","type-page","status-publish","hentry"],"_links":{"self":[{"href":"https:\/\/eljardindelconvento.com\/2018\/en\/wp-json\/wp\/v2\/pages\/3","targetHints":{"allow":["GET"]}}],"collection":[{"href":"https:\/\/eljardindelconvento.com\/2018\/en\/wp-json\/wp\/v2\/pages"}],"about":[{"href":"https:\/\/eljardindelconvento.com\/2018\/en\/wp-json\/wp\/v2\/types\/page"}],"author":[{"embeddable":true,"href":"https:\/\/eljardindelconvento.com\/2018\/en\/wp-json\/wp\/v2\/users\/4"}],"replies":[{"embeddable":true,"href":"https:\/\/eljardindelconvento.com\/2018\/en\/wp-json\/wp\/v2\/comments?post=3"}],"version-history":[{"count":18,"href":"https:\/\/eljardindelconvento.com\/2018\/en\/wp-json\/wp\/v2\/pages\/3\/revisions"}],"predecessor-version":[{"id":557,"href":"https:\/\/eljardindelconvento.com\/2018\/en\/wp-json\/wp\/v2\/pages\/3\/revisions\/557"}],"wp:attachment":[{"href":"https:\/\/eljardindelconvento.com\/2018\/en\/wp-json\/wp\/v2\/media?parent=3"}],"curies":[{"name":"wp","href":"https:\/\/api.w.org\/{rel}","templated":true}]}}